{"id":3931,"date":"2021-11-29T22:11:53","date_gmt":"2021-11-29T21:11:53","guid":{"rendered":"https:\/\/www.petitelaure.com\/?post_type=product&#038;p=3931"},"modified":"2025-01-10T23:40:17","modified_gmt":"2025-01-10T22:40:17","slug":"kocyk-ocieplany-niemowlecy-kropki-karmel-rozowy-velvet-rozowy","status":"publish","type":"product","link":"https:\/\/www.petitelaure.com\/pl\/produkt\/kocyk-ocieplany-niemowlecy-kropki-karmel-rozowy-velvet-rozowy\/","title":{"rendered":"Kocyk Ocieplany Niemowl\u0119cy Kropki Karmel\/R\u00f3\u017cowy Velvet R\u00f3\u017cowy  &#8222;S&#8221;"},"content":{"rendered":"<h2>Kocyk Ocieplany Niemowl\u0119cy w Kropki Karmel\/R\u00f3\u017cowy Velvet R\u00f3\u017cowy<\/h2>\n<p>Dwustronny, ocieplany kocyk niemowl\u0119cy z wype\u0142nieniem od Petite Laure jest przyjemny w dotyku, mi\u0119kki, ciep\u0142y i uniwersalny. Otuli maluszka podczas drzemki, a tak\u017ce ogrzeje w w\u00f3zku podczas spacer\u00f3w. Antyalergiczne, oddychaj\u0105ce, puszyste wype\u0142nienie kocyka zapewni maksymalny komfort ka\u017cdemu dziecku.<\/p>\n<p>Jedna strona kocyka wykonana jest z najwy\u017cszej jako\u015bci bawe\u0142ny premium z naszym oryginalnym, unikatowym wzorem, druga strona to bajecznie mi\u0119ciutki Velvet. W \u015brodku wype\u0142niony antyalergiczn\u0105, lekk\u0105, silikonow\u0105 w\u0142\u00f3knin\u0105 zapewniaj\u0105c\u0105 ciep\u0142o maluszkowi.<\/p>\n<h3>Kocyk ocieplany sprawdzi si\u0119 doskonale przez pierwszych kilka lat \u017cycia dziecka.<\/h3>\n<p>Niezast\u0105piony jako ca\u0142oroczny ciep\u0142y kocyk podczas spacer\u00f3w do w\u00f3zka (kocyk po z\u0142o\u017ceniu swoim rozmiarem doskonale wkomponuje si\u0119 na materacyk gondoli, amortyzuj\u0105c cia\u0142o niemowl\u0119cia), dla starszego maluszka sprawdzi si\u0119 do \u0142\u00f3\u017ceczka jako ko\u0142derka, a tak\u017ce jako mata do zabawy czy kocyk do fotelika samochodowego.<\/p>\n<p>Do ocieplanego kocyka velvet mo\u017cna dobra\u0107 pierwsz\u0105 poduszk\u0119 p\u0142ask\u0105 dla niemowl\u0119cia, a tak\u017ce \u015bpiworek do spania, ro\u017cek i kokon niemowl\u0119cy.<\/p>\n<p>Produkt szyty r\u0119cznie, z najwy\u017csz\u0105 dok\u0142adno\u015bci\u0105 i z wykorzystaniem najlepszych jako\u015bciowo materia\u0142\u00f3w.\u00a0Zapakowany w firmow\u0105, p\u0142\u00f3cienn\u0105 torb\u0119.<\/p>\n<p>Zaleca si\u0119 pranie przed pierwszym u\u017cyciem. Wyprodukowano w Polsce.<\/p>\n<p>&nbsp;<\/p>\n<p>Sk\u0142ad: <strong>BAWE\u0141NA PREMIUM <\/strong>(Certyfikat OEKO-TEX Standard 100)<strong> + POLIESTER<\/strong><\/p>\n<p>Wype\u0142nienie to antyalergiczna, oddychaj\u0105ca, silikonowa w\u0142\u00f3knina &#8211; spr\u0119\u017cysta i mi\u0119kka (Certyfikat OEKO-TEX Standard 100). Wype\u0142nienie wewn\u0105trz nie przemieszcza si\u0119 podczas u\u017cytkowania i w praniu poniewa\u017c jest wszyte do tkaniny zewn\u0119trznej.<\/p>\n<p>Wymiary:<strong> 75\u00a0x 100 cm (+\/- 2 cm) &#8211; rozmiar &#8222;S&#8221;<\/strong><\/p>\n<p><strong>SPOS\u00d3B PIELEGNACJI:<\/strong><\/p>\n<ul>\n<li>pra\u0107 w temperaturze 30\u00b0, max. 800 obrot\u00f3w wirowania<\/li>\n<li>prasowa\u0107\u00a0tylko tkanin\u0119 bawe\u0142nian\u0105 \u00a0w \u015bredniej temperaturze prasowania max. do 110\u00b0, nie prasowa\u0107 strony velvet<\/li>\n<li>nie czy\u015bci\u0107 chemicznie<\/li>\n<li>nie suszy\u0107 w suszarce b\u0119bnowej<\/li>\n<li>pra\u0107 oddzielnie<\/li>\n<li>nie stosowa\u0107 wybielaczy<\/li>\n<\/ul>\n<p>Kocyk z wype\u0142nieniem \u015bwietnie sprawdzi si\u0119 w roli stylowego i nietuzinkowego prezentu dla maluszka.<\/p>\n<p>Produkt nale\u017cy stosowa\u0107 pod opiek\u0105 rodzica.<\/p>\n<p>&nbsp;<\/p>\n","protected":false},"excerpt":{"rendered":"<p>Dwustronny, ocieplany kocyk z wype\u0142nieniem od Petite Laure jest przyjemny w dotyku, mi\u0119kki, ciep\u0142y i uniwersalny. Otuli maluszka podczas drzemki, a tak\u017ce ogrzeje w w\u00f3zku podczas spacer\u00f3w.<\/p>\n","protected":false},"featured_media":3935,"comment_status":"open","ping_status":"closed","template":"","meta":[],"product_brand":[],"product_cat":[77,224],"product_tag":[],"class_list":{"0":"post-3931","1":"product","2":"type-product","3":"status-publish","4":"has-post-thumbnail","6":"product_cat-kocyki","7":"product_cat-kocyki-ocieplane-z-wypelnieniem","9":"first","10":"instock","11":"sold-individually","12":"shipping-taxable","13":"purchasable","14":"product-type-simple"},"yoast_head":"<!-- This site is optimized with the Yoast SEO plugin v26.9 - https:\/\/yoast.com\/product\/yoast-seo-wordpress\/ -->\n<title>Kocyk Ocieplany Niemowl\u0119cy Kropki Karmel\/R\u00f3\u017cowy Velvet R\u00f3\u017cowy &quot;S&quot; - petitelaure.com<\/title>\n<meta name=\"description\" content=\"Dwustronny, ocieplany kocyk niemowl\u0119cy z wype\u0142nieniem jest przyjemny w dotyku, mi\u0119kki, ciep\u0142y i uniwersalny. Ciep\u0142y kocyk do w\u00f3zka.\" \/>\n<meta name=\"robots\" content=\"index, follow, max-snippet:-1, max-image-preview:large, max-video-preview:-1\" \/>\n<link rel=\"canonical\" href=\"https:\/\/www.petitelaure.com\/pl\/produkt\/kocyk-ocieplany-niemowlecy-kropki-karmel-rozowy-velvet-rozowy\/\" \/>\n<meta property=\"og:locale\" content=\"pl_PL\" \/>\n<meta property=\"og:type\" content=\"article\" \/>\n<meta property=\"og:title\" content=\"Kocyk Ocieplany Niemowl\u0119cy Kropki Karmel\/R\u00f3\u017cowy Velvet R\u00f3\u017cowy &quot;S&quot; - petitelaure.com\" \/>\n<meta property=\"og:description\" content=\"Dwustronny, ocieplany kocyk niemowl\u0119cy z wype\u0142nieniem jest przyjemny w dotyku, mi\u0119kki, ciep\u0142y i uniwersalny. Ciep\u0142y kocyk do w\u00f3zka.\" \/>\n<meta property=\"og:url\" content=\"https:\/\/www.petitelaure.com\/pl\/produkt\/kocyk-ocieplany-niemowlecy-kropki-karmel-rozowy-velvet-rozowy\/\" \/>\n<meta property=\"og:site_name\" content=\"petitelaure.com\" \/>\n<meta property=\"article:modified_time\" content=\"2025-01-10T22:40:17+00:00\" \/>\n<meta property=\"og:image\" content=\"https:\/\/www.petitelaure.com\/wp-content\/uploads\/2021\/11\/4X0A7771-scaled.jpg\" \/>\n\t<meta property=\"og:image:width\" content=\"1707\" \/>\n\t<meta property=\"og:image:height\" content=\"2560\" \/>\n\t<meta property=\"og:image:type\" content=\"image\/jpeg\" \/>\n<meta name=\"twitter:card\" content=\"summary_large_image\" \/>\n<meta name=\"twitter:label1\" content=\"Szacowany czas czytania\" \/>\n\t<meta name=\"twitter:data1\" content=\"2 minuty\" \/>\n<script type=\"application\/ld+json\" class=\"yoast-schema-graph\">{\"@context\":\"https:\/\/schema.org\",\"@graph\":[{\"@type\":\"WebPage\",\"@id\":\"https:\/\/www.petitelaure.com\/pl\/produkt\/kocyk-ocieplany-niemowlecy-kropki-karmel-rozowy-velvet-rozowy\/\",\"url\":\"https:\/\/www.petitelaure.com\/pl\/produkt\/kocyk-ocieplany-niemowlecy-kropki-karmel-rozowy-velvet-rozowy\/\",\"name\":\"Kocyk Ocieplany Niemowl\u0119cy Kropki Karmel\/R\u00f3\u017cowy Velvet R\u00f3\u017cowy \\\"S\\\" - petitelaure.com\",\"isPartOf\":{\"@id\":\"https:\/\/www.petitelaure.com\/pl\/#website\"},\"primaryImageOfPage\":{\"@id\":\"https:\/\/www.petitelaure.com\/pl\/produkt\/kocyk-ocieplany-niemowlecy-kropki-karmel-rozowy-velvet-rozowy\/#primaryimage\"},\"image\":{\"@id\":\"https:\/\/www.petitelaure.com\/pl\/produkt\/kocyk-ocieplany-niemowlecy-kropki-karmel-rozowy-velvet-rozowy\/#primaryimage\"},\"thumbnailUrl\":\"https:\/\/www.petitelaure.com\/wp-content\/uploads\/2021\/11\/4X0A7771-scaled.jpg\",\"datePublished\":\"2021-11-29T21:11:53+00:00\",\"dateModified\":\"2025-01-10T22:40:17+00:00\",\"description\":\"Dwustronny, ocieplany kocyk niemowl\u0119cy z wype\u0142nieniem jest przyjemny w dotyku, mi\u0119kki, ciep\u0142y i uniwersalny. Ciep\u0142y kocyk do w\u00f3zka.\",\"breadcrumb\":{\"@id\":\"https:\/\/www.petitelaure.com\/pl\/produkt\/kocyk-ocieplany-niemowlecy-kropki-karmel-rozowy-velvet-rozowy\/#breadcrumb\"},\"inLanguage\":\"pl-PL\",\"potentialAction\":[{\"@type\":\"ReadAction\",\"target\":[\"https:\/\/www.petitelaure.com\/pl\/produkt\/kocyk-ocieplany-niemowlecy-kropki-karmel-rozowy-velvet-rozowy\/\"]}]},{\"@type\":\"ImageObject\",\"inLanguage\":\"pl-PL\",\"@id\":\"https:\/\/www.petitelaure.com\/pl\/produkt\/kocyk-ocieplany-niemowlecy-kropki-karmel-rozowy-velvet-rozowy\/#primaryimage\",\"url\":\"https:\/\/www.petitelaure.com\/wp-content\/uploads\/2021\/11\/4X0A7771-scaled.jpg\",\"contentUrl\":\"https:\/\/www.petitelaure.com\/wp-content\/uploads\/2021\/11\/4X0A7771-scaled.jpg\",\"width\":1707,\"height\":2560},{\"@type\":\"BreadcrumbList\",\"@id\":\"https:\/\/www.petitelaure.com\/pl\/produkt\/kocyk-ocieplany-niemowlecy-kropki-karmel-rozowy-velvet-rozowy\/#breadcrumb\",\"itemListElement\":[{\"@type\":\"ListItem\",\"position\":1,\"name\":\"Strona g\u0142\u00f3wna\",\"item\":\"https:\/\/www.petitelaure.com\/pl\/\"},{\"@type\":\"ListItem\",\"position\":2,\"name\":\"Sklep\",\"item\":\"https:\/\/www.petitelaure.com\/pl\/sklep\/\"},{\"@type\":\"ListItem\",\"position\":3,\"name\":\"Kocyk Ocieplany Niemowl\u0119cy Kropki Karmel\/R\u00f3\u017cowy Velvet R\u00f3\u017cowy &#8222;S&#8221;\"}]},{\"@type\":\"WebSite\",\"@id\":\"https:\/\/www.petitelaure.com\/pl\/#website\",\"url\":\"https:\/\/www.petitelaure.com\/pl\/\",\"name\":\"petitelaure.com\",\"description\":\"\",\"potentialAction\":[{\"@type\":\"SearchAction\",\"target\":{\"@type\":\"EntryPoint\",\"urlTemplate\":\"https:\/\/www.petitelaure.com\/pl\/?s={search_term_string}\"},\"query-input\":{\"@type\":\"PropertyValueSpecification\",\"valueRequired\":true,\"valueName\":\"search_term_string\"}}],\"inLanguage\":\"pl-PL\"}]}<\/script>\n<!-- \/ Yoast SEO plugin. -->","yoast_head_json":{"title":"Kocyk Ocieplany Niemowl\u0119cy Kropki Karmel\/R\u00f3\u017cowy Velvet R\u00f3\u017cowy \"S\" - petitelaure.com","description":"Dwustronny, ocieplany kocyk niemowl\u0119cy z wype\u0142nieniem jest przyjemny w dotyku, mi\u0119kki, ciep\u0142y i uniwersalny. Ciep\u0142y kocyk do w\u00f3zka.","robots":{"index":"index","follow":"follow","max-snippet":"max-snippet:-1","max-image-preview":"max-image-preview:large","max-video-preview":"max-video-preview:-1"},"canonical":"https:\/\/www.petitelaure.com\/pl\/produkt\/kocyk-ocieplany-niemowlecy-kropki-karmel-rozowy-velvet-rozowy\/","og_locale":"pl_PL","og_type":"article","og_title":"Kocyk Ocieplany Niemowl\u0119cy Kropki Karmel\/R\u00f3\u017cowy Velvet R\u00f3\u017cowy \"S\" - petitelaure.com","og_description":"Dwustronny, ocieplany kocyk niemowl\u0119cy z wype\u0142nieniem jest przyjemny w dotyku, mi\u0119kki, ciep\u0142y i uniwersalny. Ciep\u0142y kocyk do w\u00f3zka.","og_url":"https:\/\/www.petitelaure.com\/pl\/produkt\/kocyk-ocieplany-niemowlecy-kropki-karmel-rozowy-velvet-rozowy\/","og_site_name":"petitelaure.com","article_modified_time":"2025-01-10T22:40:17+00:00","og_image":[{"width":1707,"height":2560,"url":"https:\/\/www.petitelaure.com\/wp-content\/uploads\/2021\/11\/4X0A7771-scaled.jpg","type":"image\/jpeg"}],"twitter_card":"summary_large_image","twitter_misc":{"Szacowany czas czytania":"2 minuty"},"schema":{"@context":"https:\/\/schema.org","@graph":[{"@type":"WebPage","@id":"https:\/\/www.petitelaure.com\/pl\/produkt\/kocyk-ocieplany-niemowlecy-kropki-karmel-rozowy-velvet-rozowy\/","url":"https:\/\/www.petitelaure.com\/pl\/produkt\/kocyk-ocieplany-niemowlecy-kropki-karmel-rozowy-velvet-rozowy\/","name":"Kocyk Ocieplany Niemowl\u0119cy Kropki Karmel\/R\u00f3\u017cowy Velvet R\u00f3\u017cowy \"S\" - petitelaure.com","isPartOf":{"@id":"https:\/\/www.petitelaure.com\/pl\/#website"},"primaryImageOfPage":{"@id":"https:\/\/www.petitelaure.com\/pl\/produkt\/kocyk-ocieplany-niemowlecy-kropki-karmel-rozowy-velvet-rozowy\/#primaryimage"},"image":{"@id":"https:\/\/www.petitelaure.com\/pl\/produkt\/kocyk-ocieplany-niemowlecy-kropki-karmel-rozowy-velvet-rozowy\/#primaryimage"},"thumbnailUrl":"https:\/\/www.petitelaure.com\/wp-content\/uploads\/2021\/11\/4X0A7771-scaled.jpg","datePublished":"2021-11-29T21:11:53+00:00","dateModified":"2025-01-10T22:40:17+00:00","description":"Dwustronny, ocieplany kocyk niemowl\u0119cy z wype\u0142nieniem jest przyjemny w dotyku, mi\u0119kki, ciep\u0142y i uniwersalny. Ciep\u0142y kocyk do w\u00f3zka.","breadcrumb":{"@id":"https:\/\/www.petitelaure.com\/pl\/produkt\/kocyk-ocieplany-niemowlecy-kropki-karmel-rozowy-velvet-rozowy\/#breadcrumb"},"inLanguage":"pl-PL","potentialAction":[{"@type":"ReadAction","target":["https:\/\/www.petitelaure.com\/pl\/produkt\/kocyk-ocieplany-niemowlecy-kropki-karmel-rozowy-velvet-rozowy\/"]}]},{"@type":"ImageObject","inLanguage":"pl-PL","@id":"https:\/\/www.petitelaure.com\/pl\/produkt\/kocyk-ocieplany-niemowlecy-kropki-karmel-rozowy-velvet-rozowy\/#primaryimage","url":"https:\/\/www.petitelaure.com\/wp-content\/uploads\/2021\/11\/4X0A7771-scaled.jpg","contentUrl":"https:\/\/www.petitelaure.com\/wp-content\/uploads\/2021\/11\/4X0A7771-scaled.jpg","width":1707,"height":2560},{"@type":"BreadcrumbList","@id":"https:\/\/www.petitelaure.com\/pl\/produkt\/kocyk-ocieplany-niemowlecy-kropki-karmel-rozowy-velvet-rozowy\/#breadcrumb","itemListElement":[{"@type":"ListItem","position":1,"name":"Strona g\u0142\u00f3wna","item":"https:\/\/www.petitelaure.com\/pl\/"},{"@type":"ListItem","position":2,"name":"Sklep","item":"https:\/\/www.petitelaure.com\/pl\/sklep\/"},{"@type":"ListItem","position":3,"name":"Kocyk Ocieplany Niemowl\u0119cy Kropki Karmel\/R\u00f3\u017cowy Velvet R\u00f3\u017cowy &#8222;S&#8221;"}]},{"@type":"WebSite","@id":"https:\/\/www.petitelaure.com\/pl\/#website","url":"https:\/\/www.petitelaure.com\/pl\/","name":"petitelaure.com","description":"","potentialAction":[{"@type":"SearchAction","target":{"@type":"EntryPoint","urlTemplate":"https:\/\/www.petitelaure.com\/pl\/?s={search_term_string}"},"query-input":{"@type":"PropertyValueSpecification","valueRequired":true,"valueName":"search_term_string"}}],"inLanguage":"pl-PL"}]}},"_links":{"self":[{"href":"https:\/\/www.petitelaure.com\/pl\/wp-json\/wp\/v2\/product\/3931","targetHints":{"allow":["GET"]}}],"collection":[{"href":"https:\/\/www.petitelaure.com\/pl\/wp-json\/wp\/v2\/product"}],"about":[{"href":"https:\/\/www.petitelaure.com\/pl\/wp-json\/wp\/v2\/types\/product"}],"replies":[{"embeddable":true,"href":"https:\/\/www.petitelaure.com\/pl\/wp-json\/wp\/v2\/comments?post=3931"}],"wp:featuredmedia":[{"embeddable":true,"href":"https:\/\/www.petitelaure.com\/pl\/wp-json\/wp\/v2\/media\/3935"}],"wp:attachment":[{"href":"https:\/\/www.petitelaure.com\/pl\/wp-json\/wp\/v2\/media?parent=3931"}],"wp:term":[{"taxonomy":"product_brand","embeddable":true,"href":"https:\/\/www.petitelaure.com\/pl\/wp-json\/wp\/v2\/product_brand?post=3931"},{"taxonomy":"product_cat","embeddable":true,"href":"https:\/\/www.petitelaure.com\/pl\/wp-json\/wp\/v2\/product_cat?post=3931"},{"taxonomy":"product_tag","embeddable":true,"href":"https:\/\/www.petitelaure.com\/pl\/wp-json\/wp\/v2\/product_tag?post=3931"}],"curies":[{"name":"wp","href":"https:\/\/api.w.org\/{rel}","templated":true}]}}